{"id":7004,"date":"2018-05-30T16:23:19","date_gmt":"2018-05-30T16:23:19","guid":{"rendered":"http:\/\/themeforest.unitedthemes.com\/wpversions\/brooklyn\/xml\/demo23\/services-2-no-hero\/"},"modified":"2022-10-13T00:33:58","modified_gmt":"2022-10-12T22:33:58","slug":"informations-patients","status":"publish","type":"page","link":"https:\/\/www.cabinetverdino.fr\/index.php\/informations-patients\/","title":{"rendered":"Informations patients"},"content":{"rendered":"<p>[vc_section bklyn_overlay=&#8221;true&#8221; cursor_skin=&#8221;light&#8221; parallax=&#8221;content-moving&#8221; css=&#8221;.vc_custom_1665609249695{background: #fafafa url(https:\/\/www.cabinetverdino.fr\/wp-content\/uploads\/2022\/02\/assistante-dentaire-dentiste-jean-baptiste-verdino-cabinet-dentaire-hyeres-implant-zygomatique-manque-os-dentiste-specialiste-expert-paris-dent-machoire-slide-up-communication-photo-accueil.jpg?id=8564) !important;}&#8221; bklyn_overlay_color=&#8221;rgba(255, 255, 255, 0.49)&#8221;][vc_row][vc_column]<div class=\"wpb_content_element \"><style type=\"text\/css\">#ut_header_69f0cc0237739 h2.section-title, #ut_header_69f0cc0237739 h2.section-title span { color:#23007f; }#ut_header_69f0cc0237739 h2.section-title{ font-family: \"Montserrat\";font-weight:400;font-style:normal; }#ut_header_69f0cc0237739 h2.section-title { font-size: 52px; }#ut_header_69f0cc0237739 h2 { letter-spacing: 0.01em !important; }@media (min-width: 768px) { #ut_header_69f0cc0237739 h2 { line-height: 100px !important; } }#ut_header_69f0cc0237739 .lead ins { color:#333333; }#ut_header_69f0cc0237739.pt-style-2 .page-title span:after, #ut_header_69f0cc0237739.pt-style-2 .parallax-title span:after, #ut_header_69f0cc0237739.pt-style-2 .section-title span:after {background-color: #23007f !important;height: ;width: ;}<\/style><header id=\"ut_header_69f0cc0237739\" class=\"section-header  ut-no-title-linebreak-mobile ut-no-lead-linebreak-mobile pt-style-2 header-center header-tablet-center header-mobile-center element-with-custom-line-height\"><div class=\"element-with-custom-line-height element-with-custom-line-height\" ><h2 data-title=\"INFORMATIONS PATIENTS\" data-effect=\"slideInUp\" data-animateonce=\"yes\" data-delay=\"0\" class=\"section-title ut-animate-element animated ut-no-animation-tablet ut-no-animation-mobile \"><span>INFORMATIONS PATIENTS<\/span><\/h2><\/div><\/header><\/div><div  class=\"wpb_content_element   clearfix\"><style type=\"text\/css\">#ut_am_69f0cc0238116 { opacity: 1; }#ut_am_wrap_69f0cc0238117 .ut-image-gallery-item-caption-title h3 { letter-spacing: -0.01em; }#ut_am_wrap_69f0cc0238117 .ut-gallery-slider-caption { font-weight: bold; }#ut_am_wrap_69f0cc0238117 { text-align: center; }@media (min-width: 768px) and (max-width: 1024px) { #ut_am_wrap_69f0cc0238117 { text-align: center !important; } }@media (max-width: 767px) { #ut_am_wrap_69f0cc0238117 { text-align: center !important; } }<\/style><div id=\"ut_am_wrap_69f0cc0238117\" class=\"ut-image-gallery-image  ut-reveal-fx ut-element-with-block-reveal\"><div id=\"ut_reveal_69f0cc0238118\" data-reveal-bgcolor=\"#23007f\" data-reveal-direction=\"lr\" data-reveal-duration=\"750\" data-reveal-delay=\"0\" data-appear-top-offset=\"auto\" class=\"ut-animated-image-item ut-image-gallery-item ut-animation-done ut-reveal-fx-element ut-block-reveal-hide\"><a class=\"ut-deactivated-link\" href=\"#\"><div class=\"ut-animated-image-zoom\"><img class=\"ut-lazy skip-lazy ut-animated-image \"  id=\"ut_am_69f0cc0238116\" src=\"data:image\/svg+xml;charset=utf-8,%3Csvg xmlns%3D'http%3A%2F%2Fwww.w3.org%2F2000%2Fsvg' viewBox%3D'0 0 325 217'%2F%3E\" data-src=\"https:\/\/www.cabinetverdino.fr\/wp-content\/uploads\/2021\/04\/Jean-Baptiste-Verdino-Logo-2021_Plan-de-travail-1-325x217.png\" width=\"325\" height=\"217\" alt=\"\"\/><\/div><\/a><\/div><\/div><\/div>[\/vc_column][\/vc_row][\/vc_section][vc_section css=&#8221;.vc_custom_1527692296082{padding-top: 0px !important;padding-bottom: 0px !important;}&#8221;][vc_row full_width=&#8221;stretch_row_content_no_spaces&#8221; equal_height=&#8221;yes&#8221; content_placement=&#8221;middle&#8221;][vc_column width=&#8221;1\/2&#8243; css=&#8221;.vc_custom_1537291793884{padding-top: 120px !important;padding-right: 20px !important;padding-bottom: 80px !important;padding-left: 20px !important;}&#8221;]<div class=\"wpb_content_element  vc_custom_1647468973867\"><style type=\"text\/css\">#ut_header_69f0cc02384a4 h2.section-title, #ut_header_69f0cc02384a4 h2.section-title span { color:#23007f; }#ut_header_69f0cc02384a4 h2.section-title{ font-family: \"Montserrat\";font-weight:400;font-style:normal; }#ut_header_69f0cc02384a4 h2.section-title { font-size: 52px; }#ut_header_69f0cc02384a4 h2 { letter-spacing: 0.01em !important; }@media (min-width: 1025px) { #ut_header_69f0cc02384a4 .lead { width:75%;margin: 0 auto;} }#ut_header_69f0cc02384a4 .lead ins { color:#333333; }#ut_header_69f0cc02384a4.pt-style-2 .page-title span:after, #ut_header_69f0cc02384a4.pt-style-2 .parallax-title span:after, #ut_header_69f0cc02384a4.pt-style-2 .section-title span:after {background-color: #23007f !important;height: ;width: ;}<\/style><header id=\"ut_header_69f0cc02384a4\" class=\"section-header  ut-no-title-linebreak-mobile ut-no-lead-linebreak-mobile pt-style-2 header-center header-tablet-center header-mobile-center element-with-custom-line-height\"><div class=\"element-with-custom-line-height\" ><h2 data-title=\"LES SOINS\" data-effect=\"slideInLeft\" data-animateonce=\"yes\" data-delay=\"0\" class=\"section-title ut-animate-element animated ut-no-animation-tablet ut-no-animation-mobile \"><span>LES SOINS<\/span><\/h2><\/div><\/header><\/div><div class=\"wpb_content_element  vc_custom_1647469790868\"><style type=\"text\/css\">#ut_header_69f0cc0238d0a h2.section-title, #ut_header_69f0cc0238d0a h2.section-title span { color:#23007f; }#ut_header_69f0cc0238d0a h2.section-title{ font-family: \"Montserrat\";font-weight:400;font-style:normal; }#ut_header_69f0cc0238d0a h2.section-title { font-size: 52px; }#ut_header_69f0cc0238d0a h2 { letter-spacing: 0.01em !important; }@media (min-width: 1025px) { #ut_header_69f0cc0238d0a .lead { width:75%;} }#ut_header_69f0cc0238d0a .lead ins { color:#333333; }#ut_header_69f0cc0238d0a.pt-style-2 .page-title span:after, #ut_header_69f0cc0238d0a.pt-style-2 .parallax-title span:after, #ut_header_69f0cc0238d0a.pt-style-2 .section-title span:after {background-color: #23007f !important;height: ;width: ;}<\/style><header id=\"ut_header_69f0cc0238d0a\" class=\"section-header  ut-no-title-linebreak-mobile ut-no-lead-linebreak-mobile pt-style-2 header-left header-tablet-left header-mobile-left element-with-custom-line-height\"><div data-effect=\"slideInLeft\" data-animateonce=\"yes\" data-delay=\"0\" class=\"lead ut-animate-element animated ut-no-animation-tablet ut-no-animation-mobile\"><p>Ils ont pour but de soigner ou pr\u00e9venir la douleur : c&#8217;est la base de tout traitement dentaire. C&#8217;est, en g\u00e9n\u00e9ral, ce qui am\u00e8ne \u00e0 consulter.<\/p>\n<p>Toutes les consultations commencent par une radiographie panoramique et l&#8217;\u00e9tablissement d&#8217;un diagnostic, puis par le traitement de l&#8217;urgence.<\/p>\n<p>Les soins courants sont pratiqu\u00e9s au tarif de la s\u00e9curit\u00e9 sociale.<\/p>\n<p><b>Que vous soyez ou non patient du cabinet, nous nous faisons un point d&#8217;honneur \u00e0 recevoir les urgences dans les plus brefs d\u00e9lais.<\/b><\/p>\n<p>Les inlays : en composite, ils remplacent une partie manquante de la dent. Ils peuvent se substituer \u00e0 l&#8217;amalgame (\u00ab plombage \u00bb) pour la r\u00e9paration des dents ab\u00eem\u00e9es par la carie.<\/p>\n<\/div><\/header><\/div><style type=\"text\/css\">#bklyn_btn_69f0cc02392d8 .bklyn-btn { border-radius:50px !important; }#bklyn_btn_69f0cc02392d8 .bklyn-btn:hover{ color:#ffffff !important; background-color:#333333 !important; }#bklyn_btn_69f0cc02392d8 .bklyn-btn:focus{ color:#ffffff !important; background-color:#333333 !important; }#bklyn_btn_69f0cc02392d8 .bklyn-btn:active { color:#ffffff !important; background-color:#333333 !important; }#bklyn_btn_69f0cc02392d8 a.bklyn-btn { font-weight:600 !important; }#bklyn_btn_69f0cc02392d8.bklyn-btn-header a.bklyn-btn { font-weight:600 !important; }#bklyn_btn_69f0cc02392d8.bklyn-btn-header a.bklyn-btn span { font-weight:600 !important; }#bklyn_btn_69f0cc02392d8 a.bklyn-btn { font-family:inherit !important; }#bklyn_btn_69f0cc02392d8 a.bklyn-btn { letter-spacing:0.05em !important; }#bklyn_btn_69f0cc02392d8.bklyn-btn-holder a { padding-top:0.8em;padding-right:2.5em;padding-bottom:0.8em;padding-left:2.5em }<\/style><div id=\"bklyn_btn_69f0cc02392d8\" class=\"bklyn-btn-holder  bklyn-btn-center bklyn-btn-tablet-center bklyn-btn-mobile-center\"><a title=\"\" data-effect=\"slideInUp\" data-animateonce=\"yes\" data-delay=\"0\"  href=\"https:\/\/www.cabinetverdino.fr\/index.php\/contact\/\" target=\"_self\" class=\"bklyn-btn ut-animate-element animated ut-no-animation-tablet ut-no-animation-mobile bklyn-btn-small\" ><span class=\"ut-btn-text\">Prendre rendez-vous<\/span><\/a><\/div>[\/vc_column][vc_column width=&#8221;1\/2&#8243; bklyn_overlay=&#8221;true&#8221; cursor_skin=&#8221;light&#8221; css=&#8221;.vc_custom_1665613887143{padding-top: 340px !important;padding-right: 20px !important;padding-bottom: 340px !important;padding-left: 20px !important;background-image: url(https:\/\/www.cabinetverdino.fr\/wp-content\/uploads\/2021\/04\/slide-up-communication-jean-baptiste-verdino-cabinet-dentaire-hyeres-implant-zygomatique-manque-os-dentiste-specialiste-expert-caroline-lm-unsplash.jpg?id=8118) !important;background-position: center !important;background-repeat: no-repeat !important;background-size: cover !important;}&#8221; effect=&#8221;fadeInRight&#8221;][\/vc_column][\/vc_row][\/vc_section][vc_section css=&#8221;.vc_custom_1527692784884{padding-top: 0px !important;padding-bottom: 0px !important;background-color: #fafafa !important;}&#8221;][vc_row full_width=&#8221;stretch_row_content_no_spaces&#8221; equal_height=&#8221;yes&#8221; content_placement=&#8221;middle&#8221;][vc_column width=&#8221;1\/2&#8243; distortion=&#8221;on&#8221; distortion_ease=&#8221;Power2.easeOut&#8221; early_distortion_effect=&#8221;on&#8221; bklyn_overlay=&#8221;true&#8221; cursor_skin=&#8221;light&#8221; css=&#8221;.vc_custom_1619104226442{padding-top: 340px !important;padding-right: 20px !important;padding-bottom: 340px !important;padding-left: 20px !important;background-image: url(http:\/\/www.cestmoilartiste.net\/wp-content\/uploads\/2021\/04\/slide-up-communication-jean-baptiste-verdino-cabinet-dentaire-hyeres-implant-zygomatique-manque-os-dentiste-specialiste-expert-quang-tri-nguyen-unsplash.jpg?id=8095) !important;}&#8221; background_distortion_1=&#8221;8131&#8243; background_distortion_2=&#8221;8253&#8243; effect=&#8221;fadeInLeft&#8221;][\/vc_column][vc_column width=&#8221;1\/2&#8243; css=&#8221;.vc_custom_1537291832142{padding-top: 120px !important;padding-right: 20px !important;padding-bottom: 80px !important;padding-left: 20px !important;}&#8221;]<div class=\"wpb_content_element  vc_custom_1647468992586\"><style type=\"text\/css\">#ut_header_69f0cc023968e h2.section-title, #ut_header_69f0cc023968e h2.section-title span { color:#23007f; }#ut_header_69f0cc023968e h2.section-title{ font-family: \"Montserrat\";font-weight:400;font-style:normal; }#ut_header_69f0cc023968e h2.section-title { font-size: 52px; }#ut_header_69f0cc023968e h2 { letter-spacing: 0.01em !important; }@media (min-width: 1025px) { #ut_header_69f0cc023968e .lead { width:75%;margin: 0 auto;} }#ut_header_69f0cc023968e .lead ins { color:#333333; }#ut_header_69f0cc023968e.pt-style-2 .page-title span:after, #ut_header_69f0cc023968e.pt-style-2 .parallax-title span:after, #ut_header_69f0cc023968e.pt-style-2 .section-title span:after {background-color: #23007f !important;height: ;width: ;}<\/style><header id=\"ut_header_69f0cc023968e\" class=\"section-header  ut-no-title-linebreak-mobile ut-no-lead-linebreak-mobile pt-style-2 header-center header-tablet-center header-mobile-center element-with-custom-line-height\"><div class=\"element-with-custom-line-height\" ><h2 data-title=\"LES MALADIES PARODONTALES\" data-effect=\"slideInRight\" data-animateonce=\"yes\" data-delay=\"0\" class=\"section-title ut-animate-element animated ut-no-animation-tablet ut-no-animation-mobile \"><span>LES MALADIES PARODONTALES<\/span><\/h2><\/div><\/header><\/div><div class=\"wpb_content_element  vc_custom_1647469017140\"><style type=\"text\/css\">#ut_header_69f0cc0239fad h2.section-title, #ut_header_69f0cc0239fad h2.section-title span { color:#23007f; }#ut_header_69f0cc0239fad h2.section-title{ font-family: \"Montserrat\";font-weight:400;font-style:normal; }#ut_header_69f0cc0239fad h2.section-title { font-size: 52px; }#ut_header_69f0cc0239fad h2 { letter-spacing: 0.01em !important; }@media (min-width: 1025px) { #ut_header_69f0cc0239fad .lead { width:75%;} }#ut_header_69f0cc0239fad .lead ins { color:#333333; }#ut_header_69f0cc0239fad.pt-style-2 .page-title span:after, #ut_header_69f0cc0239fad.pt-style-2 .parallax-title span:after, #ut_header_69f0cc0239fad.pt-style-2 .section-title span:after {background-color: #23007f !important;height: ;width: ;}<\/style><header id=\"ut_header_69f0cc0239fad\" class=\"section-header  ut-no-title-linebreak-mobile ut-no-lead-linebreak-mobile pt-style-2 header-left header-tablet-left header-mobile-left element-with-custom-line-height\"><div data-effect=\"slideInRight\" data-animateonce=\"yes\" data-delay=\"0\" class=\"lead ut-animate-element animated ut-no-animation-tablet ut-no-animation-mobile\"><p>C&#8217;est le d\u00e9chaussement des dents, les saignements de gencives ou la mauvaise haleine qui am\u00e8nent le patient \u00e0 consulter. Le traitement consiste en des d\u00e9tartrages approfondis, des curetages et parfois des interventions avec utilisation de comblements osseux, voire des greffes gingivales. <\/p>\n<\/div><\/header><\/div><style type=\"text\/css\">#bklyn_btn_69f0cc023a54d .bklyn-btn { border-radius:50px !important; }#bklyn_btn_69f0cc023a54d .bklyn-btn:hover{ color:#ffffff !important; background-color:#333333 !important; }#bklyn_btn_69f0cc023a54d .bklyn-btn:focus{ color:#ffffff !important; background-color:#333333 !important; }#bklyn_btn_69f0cc023a54d .bklyn-btn:active { color:#ffffff !important; background-color:#333333 !important; }#bklyn_btn_69f0cc023a54d a.bklyn-btn { font-weight:600 !important; }#bklyn_btn_69f0cc023a54d.bklyn-btn-header a.bklyn-btn { font-weight:600 !important; }#bklyn_btn_69f0cc023a54d.bklyn-btn-header a.bklyn-btn span { font-weight:600 !important; }#bklyn_btn_69f0cc023a54d a.bklyn-btn { font-family:inherit !important; }#bklyn_btn_69f0cc023a54d a.bklyn-btn { letter-spacing:0.05em !important; }#bklyn_btn_69f0cc023a54d.bklyn-btn-holder a { padding-top:0.8em;padding-right:2.5em;padding-bottom:0.8em;padding-left:2.5em }<\/style><div id=\"bklyn_btn_69f0cc023a54d\" class=\"bklyn-btn-holder  bklyn-btn-center bklyn-btn-tablet-center bklyn-btn-mobile-center\"><a title=\"\" data-effect=\"slideInUp\" data-animateonce=\"yes\" data-delay=\"0\"  href=\"https:\/\/www.cabinetverdino.fr\/index.php\/contact\/\" target=\"_self\" class=\"bklyn-btn ut-animate-element animated ut-no-animation-tablet ut-no-animation-mobile bklyn-btn-small\" ><span class=\"ut-btn-text\">Prendre rendez-vous<\/span><\/a><\/div>[\/vc_column][\/vc_row][\/vc_section][vc_section css=&#8221;.vc_custom_1527692296082{padding-top: 0px !important;padding-bottom: 0px !important;}&#8221;][vc_row full_width=&#8221;stretch_row_content_no_spaces&#8221; equal_height=&#8221;yes&#8221; content_placement=&#8221;middle&#8221;][vc_column width=&#8221;1\/2&#8243; css=&#8221;.vc_custom_1537291793884{padding-top: 120px !important;padding-right: 20px !important;padding-bottom: 80px !important;padding-left: 20px !important;}&#8221;]<div class=\"wpb_content_element  vc_custom_1647469038471\"><style type=\"text\/css\">#ut_header_69f0cc023a903 h2.section-title, #ut_header_69f0cc023a903 h2.section-title span { color:#23007f; }#ut_header_69f0cc023a903 h2.section-title{ font-family: \"Montserrat\";font-weight:400;font-style:normal; }#ut_header_69f0cc023a903 h2.section-title { font-size: 52px; }#ut_header_69f0cc023a903 h2 { letter-spacing: 0.01em !important; }@media (min-width: 1025px) { #ut_header_69f0cc023a903 .lead { width:75%;margin: 0 auto;} }#ut_header_69f0cc023a903 .lead ins { color:#333333; }#ut_header_69f0cc023a903.pt-style-2 .page-title span:after, #ut_header_69f0cc023a903.pt-style-2 .parallax-title span:after, #ut_header_69f0cc023a903.pt-style-2 .section-title span:after {background-color: #23007f !important;height: ;width: ;}<\/style><header id=\"ut_header_69f0cc023a903\" class=\"section-header  ut-no-title-linebreak-mobile ut-no-lead-linebreak-mobile pt-style-2 header-center header-tablet-center header-mobile-center element-with-custom-line-height\"><div class=\"element-with-custom-line-height\" ><h2 data-title=\"LES PROTH\u00c8SES\" data-effect=\"slideInLeft\" data-animateonce=\"yes\" data-delay=\"0\" class=\"section-title ut-animate-element animated ut-no-animation-tablet ut-no-animation-mobile \"><span>LES PROTH\u00c8SES<\/span><\/h2><\/div><\/header><\/div><div class=\"wpb_content_element  vc_custom_1647469825206\"><style type=\"text\/css\">#ut_header_69f0cc023b1ec h2.section-title, #ut_header_69f0cc023b1ec h2.section-title span { color:#23007f; }#ut_header_69f0cc023b1ec h2.section-title{ font-family: \"Montserrat\";font-weight:400;font-style:normal; }#ut_header_69f0cc023b1ec h2.section-title { font-size: 52px; }#ut_header_69f0cc023b1ec h2 { letter-spacing: 0.01em !important; }@media (min-width: 1025px) { #ut_header_69f0cc023b1ec .lead { width:75%;} }#ut_header_69f0cc023b1ec .lead ins { color:#333333; }#ut_header_69f0cc023b1ec.pt-style-2 .page-title span:after, #ut_header_69f0cc023b1ec.pt-style-2 .parallax-title span:after, #ut_header_69f0cc023b1ec.pt-style-2 .section-title span:after {background-color: #23007f !important;height: ;width: ;}<\/style><header id=\"ut_header_69f0cc023b1ec\" class=\"section-header  ut-no-title-linebreak-mobile ut-no-lead-linebreak-mobile pt-style-2 header-left header-tablet-left header-mobile-left element-with-custom-line-height\"><div data-effect=\"slideInLeft\" data-animateonce=\"yes\" data-delay=\"0\" class=\"lead ut-animate-element animated ut-no-animation-tablet ut-no-animation-mobile\"><p>Elles font toujours suite \u00e0 une \u00e9tude de cas, \u00e0 l&#8217;\u00e9tablissement d&#8217;un devis, son acceptation et la mise en place d&#8217;un plan de traitement.<\/p>\n<p><b>Toutes les proth\u00e8ses pos\u00e9es sont fabriqu\u00e9es en France, par des laboratoires fournissant une tra\u00e7abilit\u00e9 des mat\u00e9riaux utilis\u00e9s. Parfois, certaines parties des proth\u00e8ses sont usin\u00e9es dans la communaut\u00e9 europ\u00e9enne apr\u00e8s scannage informatique des mod\u00e8les.<\/b><\/p>\n<p><b>LES COURONNES<\/b><br \/>\nElles servent \u00e0 restaurer une dent d\u00e9labr\u00e9e, partiellement ou totalement. Nous privil\u00e9gions toujours les couronnes en c\u00e9ramique, plus esth\u00e9tiques et plus biologiques.<\/p>\n<p><b>LES FACETTES<\/b><br \/>\nElles servent \u00e0 corriger des d\u00e9fauts de couleur ou de forme des dents ant\u00e9rieures, en limitant les pr\u00e9parations sur les dents supports pour \u00e9viter de les ab\u00eemer. Elles sont ensuite coll\u00e9es.<\/p>\n<p><b>LES BRIDGES<\/b><br \/>\nL\u00e0 aussi, l&#8217;utilisation de la c\u00e9ramique est privil\u00e9gi\u00e9e, pour des raisons d&#8217;esth\u00e9tique et de biocompatibilit\u00e9.<\/p>\n<\/div><\/header><\/div><style type=\"text\/css\">#bklyn_btn_69f0cc023b7d1 .bklyn-btn { border-radius:50px !important; }#bklyn_btn_69f0cc023b7d1 .bklyn-btn:hover{ color:#ffffff !important; background-color:#333333 !important; }#bklyn_btn_69f0cc023b7d1 .bklyn-btn:focus{ color:#ffffff !important; background-color:#333333 !important; }#bklyn_btn_69f0cc023b7d1 .bklyn-btn:active { color:#ffffff !important; background-color:#333333 !important; }#bklyn_btn_69f0cc023b7d1 a.bklyn-btn { font-weight:600 !important; }#bklyn_btn_69f0cc023b7d1.bklyn-btn-header a.bklyn-btn { font-weight:600 !important; }#bklyn_btn_69f0cc023b7d1.bklyn-btn-header a.bklyn-btn span { font-weight:600 !important; }#bklyn_btn_69f0cc023b7d1 a.bklyn-btn { font-family:inherit !important; }#bklyn_btn_69f0cc023b7d1 a.bklyn-btn { letter-spacing:0.05em !important; }#bklyn_btn_69f0cc023b7d1.bklyn-btn-holder a { padding-top:0.8em;padding-right:2.5em;padding-bottom:0.8em;padding-left:2.5em }<\/style><div id=\"bklyn_btn_69f0cc023b7d1\" class=\"bklyn-btn-holder  bklyn-btn-center bklyn-btn-tablet-center bklyn-btn-mobile-center\"><a title=\"\" data-effect=\"slideInUp\" data-animateonce=\"yes\" data-delay=\"0\"  href=\"https:\/\/www.cabinetverdino.fr\/index.php\/contact\/\" target=\"_self\" class=\"bklyn-btn ut-animate-element animated ut-no-animation-tablet ut-no-animation-mobile bklyn-btn-small\" ><span class=\"ut-btn-text\">Prendre rendez-vous<\/span><\/a><\/div>[\/vc_column][vc_column width=&#8221;1\/2&#8243; bklyn_overlay=&#8221;true&#8221; css=&#8221;.vc_custom_1665613961886{padding-top: 340px !important;padding-right: 20px !important;padding-bottom: 340px !important;padding-left: 20px !important;background-image: url(https:\/\/www.cabinetverdino.fr\/wp-content\/uploads\/2021\/04\/slide-up-communication-jean-baptiste-verdino-cabinet-dentaire-hyeres-implant-zygomatique-manque-os-dentiste-specialiste-expert-diana-polekhina-4nUZl0FZM3U-unsplash.jpg?id=8266) !important;background-position: center !important;background-repeat: no-repeat !important;background-size: cover !important;}&#8221; effect=&#8221;fadeInRight&#8221;][\/vc_column][\/vc_row][\/vc_section][vc_section css=&#8221;.vc_custom_1527692784884{padding-top: 0px !important;padding-bottom: 0px !important;background-color: #fafafa !important;}&#8221;][vc_row full_width=&#8221;stretch_row_content_no_spaces&#8221; equal_height=&#8221;yes&#8221; content_placement=&#8221;middle&#8221;][vc_column width=&#8221;1\/2&#8243; distortion=&#8221;on&#8221; distortion_ease=&#8221;Power2.easeOut&#8221; early_distortion_effect=&#8221;on&#8221; bklyn_overlay=&#8221;true&#8221; css=&#8221;.vc_custom_1619104253961{padding-top: 340px !important;padding-right: 20px !important;padding-bottom: 340px !important;padding-left: 20px !important;background-image: url(http:\/\/www.cestmoilartiste.net\/wp-content\/uploads\/2021\/04\/slide-up-communication-jean-baptiste-verdino-cabinet-dentaire-hyeres-implant-zygomatique-manque-os-dentiste-specialiste-expert-diana-polekhina-unsplash.jpg?id=8119) !important;background-position: center !important;background-repeat: no-repeat !important;background-size: cover !important;}&#8221; background_distortion_1=&#8221;8262&#8243; background_distortion_2=&#8221;8281&#8243; effect=&#8221;fadeInLeft&#8221;][\/vc_column][vc_column width=&#8221;1\/2&#8243; css=&#8221;.vc_custom_1537291832142{padding-top: 120px !important;padding-right: 20px !important;padding-bottom: 80px !important;padding-left: 20px !important;}&#8221;]<div class=\"wpb_content_element  vc_custom_1647469872250\"><style type=\"text\/css\">#ut_header_69f0cc023bbac h2.section-title, #ut_header_69f0cc023bbac h2.section-title span { color:#23007f; }#ut_header_69f0cc023bbac h2.section-title{ font-family: \"Montserrat\";font-weight:400;font-style:normal; }#ut_header_69f0cc023bbac h2.section-title { font-size: 52px; }#ut_header_69f0cc023bbac h2 { letter-spacing: 0.01em !important; }@media (min-width: 1025px) { #ut_header_69f0cc023bbac .lead { width:75%;margin: 0 auto;} }#ut_header_69f0cc023bbac .lead ins { color:#333333; }#ut_header_69f0cc023bbac.pt-style-2 .page-title span:after, #ut_header_69f0cc023bbac.pt-style-2 .parallax-title span:after, #ut_header_69f0cc023bbac.pt-style-2 .section-title span:after {background-color: #23007f !important;height: ;width: ;}<\/style><header id=\"ut_header_69f0cc023bbac\" class=\"section-header  ut-no-title-linebreak-mobile ut-no-lead-linebreak-mobile pt-style-2 header-center header-tablet-center header-mobile-center element-with-custom-line-height\"><div class=\"element-with-custom-line-height\" ><h2 data-title=\"\u00c9CLAIRCISSEMENT\" data-effect=\"slideInRight\" data-animateonce=\"yes\" data-delay=\"0\" class=\"section-title ut-animate-element animated ut-no-animation-tablet ut-no-animation-mobile \"><span>\u00c9CLAIRCISSEMENT<\/span><\/h2><\/div><\/header><\/div><div class=\"wpb_content_element  vc_custom_1647469089146\"><style type=\"text\/css\">#ut_header_69f0cc023c4ca h2.section-title, #ut_header_69f0cc023c4ca h2.section-title span { color:#23007f; }#ut_header_69f0cc023c4ca h2.section-title{ font-family: \"Montserrat\";font-weight:400;font-style:normal; }#ut_header_69f0cc023c4ca h2.section-title { font-size: 52px; }#ut_header_69f0cc023c4ca h2 { letter-spacing: 0.01em !important; }@media (min-width: 1025px) { #ut_header_69f0cc023c4ca .lead { width:75%;} }#ut_header_69f0cc023c4ca .lead ins { color:#333333; }#ut_header_69f0cc023c4ca.pt-style-2 .page-title span:after, #ut_header_69f0cc023c4ca.pt-style-2 .parallax-title span:after, #ut_header_69f0cc023c4ca.pt-style-2 .section-title span:after {background-color: #23007f !important;height: ;width: ;}<\/style><header id=\"ut_header_69f0cc023c4ca\" class=\"section-header  ut-no-title-linebreak-mobile ut-no-lead-linebreak-mobile pt-style-2 header-left header-tablet-left header-mobile-left element-with-custom-line-height\"><div data-effect=\"slideInRight\" data-animateonce=\"yes\" data-delay=\"0\" class=\"lead ut-animate-element animated ut-no-animation-tablet ut-no-animation-mobile\"><p>Il n\u00e9cessite la r\u00e9alisation de goutti\u00e8res et se fait en ambulatoire sous la surveillance d&#8217;un praticien.<\/p>\n<\/div><\/header><\/div><style type=\"text\/css\">#bklyn_btn_69f0cc023ca92 .bklyn-btn { border-radius:50px !important; }#bklyn_btn_69f0cc023ca92 .bklyn-btn:hover{ color:#ffffff !important; background-color:#333333 !important; }#bklyn_btn_69f0cc023ca92 .bklyn-btn:focus{ color:#ffffff !important; background-color:#333333 !important; }#bklyn_btn_69f0cc023ca92 .bklyn-btn:active { color:#ffffff !important; background-color:#333333 !important; }#bklyn_btn_69f0cc023ca92 a.bklyn-btn { font-weight:600 !important; }#bklyn_btn_69f0cc023ca92.bklyn-btn-header a.bklyn-btn { font-weight:600 !important; }#bklyn_btn_69f0cc023ca92.bklyn-btn-header a.bklyn-btn span { font-weight:600 !important; }#bklyn_btn_69f0cc023ca92 a.bklyn-btn { font-family:inherit !important; }#bklyn_btn_69f0cc023ca92 a.bklyn-btn { letter-spacing:0.05em !important; }#bklyn_btn_69f0cc023ca92.bklyn-btn-holder a { padding-top:0.8em;padding-right:2.5em;padding-bottom:0.8em;padding-left:2.5em }<\/style><div id=\"bklyn_btn_69f0cc023ca92\" class=\"bklyn-btn-holder  bklyn-btn-center bklyn-btn-tablet-center bklyn-btn-mobile-center\"><a title=\"\" data-effect=\"slideInUp\" data-animateonce=\"yes\" data-delay=\"0\"  href=\"https:\/\/www.cabinetverdino.fr\/index.php\/contact\/\" target=\"_self\" class=\"bklyn-btn ut-animate-element animated ut-no-animation-tablet ut-no-animation-mobile bklyn-btn-small\" ><span class=\"ut-btn-text\">Prendre rendez-vous<\/span><\/a><\/div>[\/vc_column][\/vc_row][\/vc_section][vc_section css=&#8221;.vc_custom_1527692296082{padding-top: 0px !important;padding-bottom: 0px !important;}&#8221;][vc_row full_width=&#8221;stretch_row_content_no_spaces&#8221; equal_height=&#8221;yes&#8221; content_placement=&#8221;middle&#8221; effect=&#8221;fadeInRight&#8221;][vc_column width=&#8221;1\/2&#8243; css=&#8221;.vc_custom_1537291793884{padding-top: 120px !important;padding-right: 20px !important;padding-bottom: 80px !important;padding-left: 20px !important;}&#8221;]<div class=\"wpb_content_element  vc_custom_1647469135140\"><style type=\"text\/css\">#ut_header_69f0cc023ce55 h2.section-title, #ut_header_69f0cc023ce55 h2.section-title span { color:#23007f; }#ut_header_69f0cc023ce55 h2.section-title{ font-family: \"Montserrat\";font-weight:400;font-style:normal; }#ut_header_69f0cc023ce55 h2.section-title { font-size: 52px; }#ut_header_69f0cc023ce55 h2 { letter-spacing: 0.01em !important; }@media (min-width: 1025px) { #ut_header_69f0cc023ce55 .lead { width:75%;margin: 0 auto;} }#ut_header_69f0cc023ce55 .lead ins { color:#333333; }#ut_header_69f0cc023ce55.pt-style-2 .page-title span:after, #ut_header_69f0cc023ce55.pt-style-2 .parallax-title span:after, #ut_header_69f0cc023ce55.pt-style-2 .section-title span:after {background-color: #23007f !important;height: ;width: ;}<\/style><header id=\"ut_header_69f0cc023ce55\" class=\"section-header  ut-no-title-linebreak-mobile ut-no-lead-linebreak-mobile pt-style-2 header-center header-tablet-center header-mobile-center element-with-custom-line-height\"><div class=\"element-with-custom-line-height\" ><h2 data-title=\"LES IMPLANTS\" data-effect=\"slideInLeft\" data-animateonce=\"yes\" data-delay=\"0\" class=\"section-title ut-animate-element animated ut-no-animation-tablet ut-no-animation-mobile \"><span>LES IMPLANTS<\/span><\/h2><\/div><\/header><\/div><div class=\"wpb_content_element  vc_custom_1647469531803\"><style type=\"text\/css\">#ut_header_69f0cc023d61f h2.section-title, #ut_header_69f0cc023d61f h2.section-title span { color:#23007f; }#ut_header_69f0cc023d61f h2.section-title{ font-family: \"Montserrat\";font-weight:400;font-style:normal; }#ut_header_69f0cc023d61f h2.section-title { font-size: 52px; }#ut_header_69f0cc023d61f h2 { letter-spacing: 0.01em !important; }@media (min-width: 1025px) { #ut_header_69f0cc023d61f .lead { width:75%;} }#ut_header_69f0cc023d61f .lead ins { color:#333333; }#ut_header_69f0cc023d61f.pt-style-2 .page-title span:after, #ut_header_69f0cc023d61f.pt-style-2 .parallax-title span:after, #ut_header_69f0cc023d61f.pt-style-2 .section-title span:after {background-color: #23007f !important;height: ;width: ;}<\/style><header id=\"ut_header_69f0cc023d61f\" class=\"section-header  ut-no-title-linebreak-mobile ut-no-lead-linebreak-mobile pt-style-2 header-left header-tablet-left header-mobile-left element-with-custom-line-height\"><div data-effect=\"slideInLeft\" data-animateonce=\"yes\" data-delay=\"0\" class=\"lead ut-animate-element animated ut-no-animation-tablet ut-no-animation-mobile\"><p>Ce sont des \u00ab racines artificielles \u00bb qui servent \u00e0 remplacer les dents manquantes. Les implants employ\u00e9s dans le cabinet sont les implants Anthogyr\u00ae ou Straumann\u00ae. Ceux-ci ont un taux de succ\u00e8s de 98% en moyenne. Une garantie est appliqu\u00e9e sous certaines conditions qui vous seront expliqu\u00e9es. Ils ont toujours besoin d&#8217;un temps de cicatrisation (variable de 1,5 \u00e0 4 mois selon le site d&#8217;implantation). Nous privil\u00e9gions dans un grand nombre de cas une mise en charge imm\u00e9diate, qui raccourcit la dur\u00e9e du traitement, le simplifie et permet de remplacer imm\u00e9diatement la ou les dents manquantes.<\/p>\n<p><b>\u00c9DENTATION UNITAIRE<\/b><br \/>\nL&#8217;implant remplace la dent manquante et \u00e9vite d&#8217;ab\u00eemer les dents voisines pour poser un bridge. \u00ab Les dents sont comme des livres sur une \u00e9tag\u00e8re, d\u00e8s qu&#8217;une manque, toutes les autres bougent et il est donc tr\u00e8s important de la remplacer \u00bb. La plupart du temps, la pose de l&#8217;implant est r\u00e9alis\u00e9e le jour de l&#8217;extraction. Quand cela est possible, une couronne provisoire peut \u00eatre mise en place imm\u00e9diatement \u00e0 des fins esth\u00e9tiques.<\/p>\n<p><b>\u00c9DENTATION MULTIPLE<\/b><br \/>\nIl faut alors plusieurs implants mais pas forc\u00e9ment autant que de dents manquantes. Leur nombre varie avec la situation et aussi la qualit\u00e9 et la quantit\u00e9 d&#8217;os disponible. La plupart des proth\u00e8ses r\u00e9alis\u00e9es sont en titane ou zircone usin\u00e9, recouvert de c\u00e9ramique.<\/p>\n<p><b>\u00c9DENTATION TOTALE<\/b><br \/>\nDans ce cas, la mise en charge imm\u00e9diate est la r\u00e8gle avec la technique all-on-4 (5 or 6) c&#8217;est \u00e0 dire qu&#8217;il suffit de 4 \u00e0 6 implants sur une m\u00e2choire pour remplacer toutes les dents. Ceci s&#8217;applique aussi aux personnes dont les dents sont mobiles ou ab\u00eem\u00e9es : le jour-m\u00eame, on proc\u00e8de \u00e0 l&#8217;extraction des dents, la pose des implants et d&#8217;un bridge provisoire! De m\u00eame, si les personnes ont un appareil complet, celui-ci peut \u00eatre parfois r\u00e9utilis\u00e9 et transform\u00e9 en bridge viss\u00e9 sur les implants. On peut aussi placer 2 implants avec des boutons pressions pour emp\u00eacher une proth\u00e8se totale du bas de bouger, cela \u00e9vite d&#8217;utiliser de la colle.<\/p>\n<p><b>MANQUE D&#8217;OS (CAS PARTICULIER)<\/b><br \/>\nLes <b>implants zygomatiques<\/b> sont propos\u00e9s aux personnes dont l\u2019os est fortement ou totalement r\u00e9sorb\u00e9 par des infections, par le port de proth\u00e8ses mobiles pendant de nombreuses ann\u00e9es et \u00e0 qui on a dit \u00ab vous n\u2019aurez jamais d\u2019implant car vous n&#8217;avez pas assez d\u2019os \u00bb. Ils sont une alternative aux greffes osseuses, notamment en cas d&#8217;\u00e9chec de sinus lifts. Ils sont utilis\u00e9s en compl\u00e9ment d&#8217;implants conventionnels et peuvent \u00eatre mis en charge imm\u00e9diatement. Dans les cas d&#8217;\u00e9chec d&#8217;implants dans le secteur post\u00e9rieur ils peuvent \u00eatre pos\u00e9s comme &#8220;rescue implant&#8221; et donc permettre, dans certains cas, de sauver les bridges existants (Bridge Rescue Procedure &#8211; BRP).<\/p>\n<\/div><\/header><\/div><style type=\"text\/css\">#bklyn_btn_69f0cc023dbcf .bklyn-btn { border-radius:50px !important; }#bklyn_btn_69f0cc023dbcf .bklyn-btn:hover{ color:#ffffff !important; background-color:#333333 !important; }#bklyn_btn_69f0cc023dbcf .bklyn-btn:focus{ color:#ffffff !important; background-color:#333333 !important; }#bklyn_btn_69f0cc023dbcf .bklyn-btn:active { color:#ffffff !important; background-color:#333333 !important; }#bklyn_btn_69f0cc023dbcf a.bklyn-btn { font-weight:600 !important; }#bklyn_btn_69f0cc023dbcf.bklyn-btn-header a.bklyn-btn { font-weight:600 !important; }#bklyn_btn_69f0cc023dbcf.bklyn-btn-header a.bklyn-btn span { font-weight:600 !important; }#bklyn_btn_69f0cc023dbcf a.bklyn-btn { font-family:inherit !important; }#bklyn_btn_69f0cc023dbcf a.bklyn-btn { letter-spacing:0.05em !important; }#bklyn_btn_69f0cc023dbcf.bklyn-btn-holder a { padding-top:0.8em;padding-right:2.5em;padding-bottom:0.8em;padding-left:2.5em }<\/style><div id=\"bklyn_btn_69f0cc023dbcf\" class=\"bklyn-btn-holder  bklyn-btn-center bklyn-btn-tablet-center bklyn-btn-mobile-center\"><a title=\"\" data-effect=\"slideInUp\" data-animateonce=\"yes\" data-delay=\"0\"  href=\"https:\/\/www.cabinetverdino.fr\/index.php\/contact\/\" target=\"_self\" class=\"bklyn-btn ut-animate-element animated ut-no-animation-tablet ut-no-animation-mobile bklyn-btn-small\" ><span class=\"ut-btn-text\">Prendre rendez-vous<\/span><\/a><\/div>[\/vc_column][vc_column width=&#8221;1\/2&#8243; bklyn_overlay=&#8221;true&#8221; css=&#8221;.vc_custom_1665614028424{padding-top: 340px !important;padding-right: 20px !important;padding-bottom: 340px !important;padding-left: 20px !important;background-image: url(https:\/\/www.cabinetverdino.fr\/wp-content\/uploads\/2021\/04\/slide-up-communication-jean-baptiste-verdino-cabinet-dentaire-hyeres-implant-zygomatique-manque-os-dentiste-specialiste-expert-jonathan-borba-.jpg?id=8123) !important;background-position: center !important;background-repeat: no-repeat !important;background-size: cover !important;}&#8221; effect=&#8221;bounceInRight&#8221;][\/vc_column][\/vc_row][\/vc_section][vc_section][vc_row][vc_column]<style type=\"text\/css\">#bklyn_btn_69f0cc023dc35 .bklyn-btn { color:#ffffff !important; border-color:#ffffff !important; border-width:2px !important; background-color:#23007f !important; }#bklyn_btn_69f0cc023dc35 .bklyn-btn:hover{ color:#23007f !important; border-color:#ffffff !important; background-color:#ffffff !important; }#bklyn_btn_69f0cc023dc35 .bklyn-btn:focus{ color:#23007f !important; border-color:#ffffff !important; background-color:#ffffff !important; }#bklyn_btn_69f0cc023dc35 .bklyn-btn:active { color:#23007f !important; border-color:#ffffff !important; background-color:#ffffff !important; }#bklyn_btn_69f0cc023dc35 a.bklyn-btn { font-weight:600 !important; }#bklyn_btn_69f0cc023dc35.bklyn-btn-header a.bklyn-btn { font-weight:600 !important; }#bklyn_btn_69f0cc023dc35.bklyn-btn-header a.bklyn-btn span { font-weight:600 !important; }#bklyn_btn_69f0cc023dc35 a.bklyn-btn { font-family:inherit !important; }#bklyn_btn_69f0cc023dc35 a.bklyn-btn { letter-spacing:0.05em !important; }#bklyn_btn_69f0cc023dc35.bklyn-btn-holder a { padding-top:0.8em;padding-right:2.5em;padding-bottom:0.8em;padding-left:2.5em }<\/style><div id=\"bklyn_btn_69f0cc023dc35\" class=\"bklyn-btn-holder  bklyn-btn-center bklyn-btn-tablet-center bklyn-btn-mobile-center\"><a title=\"\" data-effect=\"slideInUp\" data-animateonce=\"yes\" data-delay=\"0\"  href=\"https:\/\/www.cabinetverdino.fr\/index.php\/contact\/\" target=\"_self\" class=\"bklyn-btn bklyn-btn-outline ut-animate-element animated ut-no-animation-tablet ut-no-animation-mobile bklyn-btn-normal\" ><span class=\"ut-btn-text\">PRENDRE RENDEZ-VOUS<\/span><\/a><\/div>[\/vc_column][\/vc_row][\/vc_section]<\/p>\n","protected":false},"excerpt":{"rendered":"<p>[vc_section bklyn_overlay=&#8221;true&#8221; cursor_skin=&#8221;light&#8221; parallax=&#8221;content-moving&#8221; css=&#8221;.vc_custom_1665609249695{background: #fafafa url(https:\/\/www.cabinetverdino.fr\/wp-content\/uploads\/2022\/02\/assistante-dentaire-dentiste-jean-baptiste-verdino-cabinet-dentaire-hyeres-implant-zygomatique-manque-os-dentiste-specialiste-expert-paris-dent-machoire-slide-up-communication-photo-accueil.jpg?id=8564) !important;}&#8221; bklyn_overlay_color=&#8221;rgba(255, 255, 255, 0.49)&#8221;][vc_row][vc_column][\/vc_column][\/vc_row][\/vc_section][vc_section css=&#8221;.vc_custom_1527692296082{padding-top: 0px !important;padding-bottom: 0px !important;}&#8221;][vc_row full_width=&#8221;stretch_row_content_no_spaces&#8221; equal_height=&#8221;yes&#8221; content_placement=&#8221;middle&#8221;][vc_column width=&#8221;1\/2&#8243; css=&#8221;.vc_custom_1537291793884{padding-top: 120px !important;padding-right: 20px !important;padding-bottom: 80px !important;padding-left: 20px !important;}&#8221;][\/vc_column][vc_column width=&#8221;1\/2&#8243; bklyn_overlay=&#8221;true&#8221; cursor_skin=&#8221;light&#8221; css=&#8221;.vc_custom_1665613887143{padding-top: 340px !important;padding-right: 20px !important;padding-bottom: 340px !important;padding-left: 20px !important;background-image: url(https:\/\/www.cabinetverdino.fr\/wp-content\/uploads\/2021\/04\/slide-up-communication-jean-baptiste-verdino-cabinet-dentaire-hyeres-implant-zygomatique-manque-os-dentiste-specialiste-expert-caroline-lm-unsplash.jpg?id=8118) !important;background-position: center !important;background-repeat: no-repeat !important;background-size: cover !important;}&#8221; effect=&#8221;fadeInRight&#8221;][\/vc_column][\/vc_row][\/vc_section][vc_section css=&#8221;.vc_custom_1527692784884{padding-top: 0px !important;padding-bottom: 0px [&hellip;]<\/p>\n","protected":false},"author":1,"featured_media":0,"parent":0,"menu_order":0,"comment_status":"closed","ping_status":"closed","template":"","meta":[],"_links":{"self":[{"href":"https:\/\/www.cabinetverdino.fr\/index.php\/wp-json\/wp\/v2\/pages\/7004"}],"collection":[{"href":"https:\/\/www.cabinetverdino.fr\/index.php\/wp-json\/wp\/v2\/pages"}],"about":[{"href":"https:\/\/www.cabinetverdino.fr\/index.php\/wp-json\/wp\/v2\/types\/page"}],"author":[{"embeddable":true,"href":"https:\/\/www.cabinetverdino.fr\/index.php\/wp-json\/wp\/v2\/users\/1"}],"replies":[{"embeddable":true,"href":"https:\/\/www.cabinetverdino.fr\/index.php\/wp-json\/wp\/v2\/comments?post=7004"}],"version-history":[{"count":54,"href":"https:\/\/www.cabinetverdino.fr\/index.php\/wp-json\/wp\/v2\/pages\/7004\/revisions"}],"predecessor-version":[{"id":8705,"href":"https:\/\/www.cabinetverdino.fr\/index.php\/wp-json\/wp\/v2\/pages\/7004\/revisions\/8705"}],"wp:attachment":[{"href":"https:\/\/www.cabinetverdino.fr\/index.php\/wp-json\/wp\/v2\/media?parent=7004"}],"curies":[{"name":"wp","href":"https:\/\/api.w.org\/{rel}","templated":true}]}}